{"id":37,"date":"2015-10-18T18:52:39","date_gmt":"2015-10-18T16:52:39","guid":{"rendered":"http:\/\/217.199.187.189\/karate-france.com\/?page_id=37"},"modified":"2022-08-01T23:21:30","modified_gmt":"2022-08-01T21:21:30","slug":"livres","status":"publish","type":"page","link":"https:\/\/www.karate-france.com\/?page_id=37","title":{"rendered":"LIVRES"},"content":{"rendered":"\n<ul class=\"wp-block-list\"><li><a href=\"#karate6\">Mon karat\u00e9 personnalis\u00e9<\/a><\/li><li><a href=\"#karate5\">La vie est un dojo<\/a><\/li><li><a href=\"#karate1\">KARATE, une nouvelle approche<\/a><\/li><li><a href=\"#karate2\">KARATE, l&rsquo;efficacit\u00e9 \u00e0 port\u00e9 de main<\/a><\/li><li><a href=\"#karate3\">BUNKAI, l&rsquo;art de d\u00e9coder les katas<\/a><\/li><li><a href=\"#karate4\">KARATE-DO, apr\u00e8s le cours<\/a><\/li><li><a href=\"#karate5\">KARATE et petits \u00ab\u00a0satoris\u00a0\u00bb<\/a><\/li><\/ul>\n\n\n\n<hr class=\"wp-block-separator has-css-opacity\"\/>\n\n\n\n<h1 id=\"karate6\"><\/h1>\n\n\n<div class=\"wp-block-image\">\n<figure class=\"aligncenter\"><img decoding=\"async\" src=\"https:\/\/images-na.ssl-images-amazon.com\/images\/I\/410PMJ1mtfL._SX331_BO1,204,203,200_.jpg\" alt=\"\"\/><\/figure>\n<\/div>\n\n\n<h2 class=\"has-medium-font-size wp-block-heading\"><strong><strong>Mon karat\u00e9 personnalis\u00e9<\/strong><\/strong><\/h2>\n\n\n\n<p class=\"wp-block-paragraph\">L&rsquo;\u00e9l\u00e8ve a pour vocation de d\u00e9passer son ma\u00eetre. N&rsquo;en avez-vous jamais r\u00eav\u00e9 secr\u00e8tement ? L&rsquo;auteur invite le lecteur dans un processus de progression, un chemin de libert\u00e9 et d&rsquo;\u00e9mancipation o\u00f9 chacun peut \u00e9crire sa propre histoire \u00e0 l&rsquo;encre de ses r\u00e9flexions, de son engagement et de sa sueur. Pour cette exp\u00e9rience exaltante permettant d&rsquo;apposer son empreinte personnelle dans sa pratique, des prises de conscience sont n\u00e9cessaires, ainsi que le courage de sortir de sa zone de confort et de braver certains tabous. Ce livre unique est un catalyseur ainsi qu&rsquo;un acc\u00e9l\u00e9rateur de progression pour le karat\u00e9ka honn\u00eate et sinc\u00e8re qui accepte de se d\u00e9voiler aux autres, tout autant qu&rsquo;\u00e0 lui-m\u00eame, dans toute sa puissance et toute sa grandeur. L&rsquo;ouvrir c&rsquo;est d\u00e9j\u00e0 laisser la magie de la transformation op\u00e9rer et agir en soi.<\/p>\n\n\n\n<p class=\"wp-block-paragraph\"><strong>\u00c9diteur \u200f <\/strong>: \u200e Budo \u00e9ditions<br><strong>Parution <\/strong>: 17 ao\u00fbt 2022<br><strong>Langue \u200f <\/strong>: \u200e Fran\u00e7ais<br><strong>ISBN-10 \u200f<\/strong> : \u200e 2846179298<br><strong>ISBN-13<\/strong> \u200f : \u200e 978-2846179294<br><strong>FORMAT<\/strong> : 14X21 &#8211; 320 pages<\/p>\n\n\n\n<p class=\"has-text-align-center wp-block-paragraph\"><em><a href=\"#top\">revenir en haut de page<\/a><\/em><\/p>\n\n\n\n<p class=\"wp-block-paragraph\"><\/p>\n\n\n\n<h1 id=\"karate5\"><\/h1>\n\n\n<div class=\"wp-block-image\">\n<figure class=\"aligncenter is-resized\"><img loading=\"lazy\" decoding=\"async\" src=\"https:\/\/static.fnac-static.com\/multimedia\/Images\/FR\/NR\/0f\/07\/c1\/12650255\/1540-1\/tsp20210208181144\/La-vie-est-un-dojo.jpg\" alt=\"La vie est un dojo\" width=\"467\" height=\"462\"\/><\/figure>\n<\/div>\n\n\n<p class=\"has-medium-font-size wp-block-paragraph\"><strong>La vie est un dojo<\/strong><\/p>\n\n\n\n<p class=\"wp-block-paragraph\">Les motivations qui nous am\u00e8nent \u00e0 nous engager dans la pratique des arts martiaux diff\u00e8rent en fonction des personnes et il en est de m\u00eame pour ce qu&rsquo;on y trouve. Quelle que soit la discipline, karat\u00e9, a\u00efkido, judo, kendo, systema, et bien d&rsquo;autres, les b\u00e9n\u00e9fices de la pratique d\u00e9pendent de ce qu&rsquo;on y apporte, des efforts et du coeur qu&rsquo;on y met. <\/p>\n\n\n\n<p class=\"wp-block-paragraph\">Les arts martiaux d&rsquo;hier sont devenus des arts de paix qui peuvent \u00e9galement \u00eatre des arts de vie si on en utilise les principes hors du dojo. Dans cette perspective, la pratique sublime la vie quotidienne qui elle-m\u00eame permet de mieux progresser \u00e0 l&rsquo;entra\u00eenement. <\/p>\n\n\n\n<p class=\"wp-block-paragraph\">Ce livre propose une id\u00e9e par jour pour vivre cette exp\u00e9rience, 365 fiches couvrant un large spectre de connaissances et r\u00e9flexions, ainsi que de nombreux exercices pratiques pour une immersion compl\u00e8te dans votre discipline martiale au quotidien, pour les pratiquants novices ou experts.<\/p>\n\n\n\n<ul>\n<li>ISBN-10 : 2846174482<\/li>\n<li>ISBN-13 : 978-2846174480<\/li>\n<li>Poids de l&rsquo;article : 505 g<\/li>\n<li>\u00c9diteur : Budo \u00e9dition (24 f\u00e9vrier 2021)<\/li>\n<li>Langue : Fran\u00e7ais<\/li>\n<li>Prix de vente : 22\u20ac<\/li>\n<\/ul>\n\n\n\n<p class=\"has-text-align-center wp-block-paragraph\"><em><a href=\"#top\">revenir en haut de page<\/a><\/em><\/p>\n\n\n\n<h1 id=\"karate1\"><\/h1>\n\n\n\n<div class=\"wp-block-image\"><figure class=\"aligncenter is-resized\"><img loading=\"lazy\" decoding=\"async\" src=\"http:\/\/217.199.187.189\/karate-france.com\/wp-content\/uploads\/2019\/07\/page-1-COUV-Nouvelle_Approche-786x1024.jpg\" alt=\"\" class=\"wp-image-4778\" width=\"318\" height=\"413\" srcset=\"https:\/\/www.karate-france.com\/wp-content\/uploads\/2019\/07\/page-1-COUV-Nouvelle_Approche-786x1024.jpg 786w, https:\/\/www.karate-france.com\/wp-content\/uploads\/2019\/07\/page-1-COUV-Nouvelle_Approche-230x300.jpg 230w, https:\/\/www.karate-france.com\/wp-content\/uploads\/2019\/07\/page-1-COUV-Nouvelle_Approche-768x1000.jpg 768w, https:\/\/www.karate-france.com\/wp-content\/uploads\/2019\/07\/page-1-COUV-Nouvelle_Approche-600x782.jpg 600w, https:\/\/www.karate-france.com\/wp-content\/uploads\/2019\/07\/page-1-COUV-Nouvelle_Approche.jpg 846w\" sizes=\"auto, (max-width: 318px) 100vw, 318px\" \/><\/figure><\/div>\n\n\n\n<p class=\"has-medium-font-size wp-block-paragraph\"><strong>KARATE, une nouvelle approche<\/strong><\/p>\n\n\n\n<p class=\"wp-block-paragraph\">Areski Ouzrout, dans ce troisi\u00e8me ouvrage, continue \u00e0 partager son exp\u00e9rience et ses recherches, en apportant un nouvel \u00e9clairage sur le karat\u00e9 ouvrant ainsi des perspectives qu\u2019il appartient \u00e0 chacun d\u2019explorer.<\/p>\n\n\n\n<p class=\"wp-block-paragraph\">Ce livre s\u2019adresse aux pratiquants de tous niveaux souhaitant am\u00e9liorer la compr\u00e9hension de leur pratique et optimiser leur progression. Il figure aussi une m\u00e9thode d\u2019apprentissage pour les enseignants.<\/p>\n\n\n\n<p class=\"wp-block-paragraph\">L\u2019auteur nous livre une approche originale du karat\u00e9 tant dans sa vision de la technique que dans sa m\u00e9thode p\u00e9dagogique. Il bouscule les id\u00e9es re\u00e7ues et propose un nouveau paradigme afin que le lecteur exprime le meilleur de son potentiel et s\u2019ouvre \u00e0 de nouvelles possibilit\u00e9s techniques, tactiques et mentales.<\/p>\n\n\n\n<p class=\"wp-block-paragraph\">La d\u00e9marche p\u00e9dagogique qu\u2019il pr\u00e9sente s\u2019appuie sur la cr\u00e9ativit\u00e9 du pratiquant et l\u2019adpatation. La qu\u00eate de sens, la recherche de solutions, l\u2019exp\u00e9rimentation technique en relation constante avec les comp\u00e9tences indispensables \u00e0 l\u2019exp\u00e9rience du combat libre, guident le lecteur vers plus de libert\u00e9, de conscientisation, d\u2019autonomie et d\u2019efficacit\u00e9.<\/p>\n\n\n\n<p class=\"wp-block-paragraph\">Ce livre pr\u00e9sente, de fa\u00e7on tr\u00e8s illustr\u00e9e, des exercices pratiques accompagn\u00e9s de protocoles d\u2019entra\u00eenement qui mettent en perspective les progressions possibles. Ces protocoles permettent l\u2019\u00e9volution des exercices du statique vers le dynamique, du stade conventionnel vers la situation libre, de l\u2019initiation vers le perfectionnement. De plus, les exercices sont suivis de conseils personnalis\u00e9s prenant en compte les besoins des d\u00e9butants, avanc\u00e9s et professeurs.<\/p>\n\n\n\n<p class=\"wp-block-paragraph\">Cet ouvrage innovant est une aide pr\u00e9cieuse pour tous les pratiquants. Il ouvre des pistes nouvelles pour l\u2019entra\u00eenement et l\u2019enseignement. La m\u00e9thode et la rigueur y sont associ\u00e9es \u00e0 la cr\u00e9ativit\u00e9 et la libert\u00e9, pour une progression optimale dans une pratique plaisante et passionnante.<\/p>\n\n\n\n<p class=\"wp-block-paragraph\">Areski Ouzrout, professeur dipl\u00f4m\u00e9 d\u2019\u00c9tat (bees2), est 7<sup>\u00e8me<\/sup> dan de karat\u00e9, se fait conna\u00eetre par ses publications, en 2012 avec son premier ouvrage \u00ab&nbsp;bunkai, l\u2019art de d\u00e9coder les katas&nbsp;\u00bb, puis en 2015 avec \u00ab&nbsp;karat\u00e9, l\u2019efficacit\u00e9 \u00e0 port\u00e9e de main&nbsp;\u00bb parus chez Budo \u00e9ditions.<\/p>\n\n\n\n<p class=\"wp-block-paragraph\">Formateur de formateurs, il a \u00e9t\u00e9, pendant 17 ans, responsable de la formation des enseignants \u00e0 l\u2019\u00c9cole r\u00e9gionale de formation du Val-de-Marne.<\/p>\n\n\n\n<p class=\"wp-block-paragraph\">Areski Ouzrout a form\u00e9 des responsables de formation, des formateurs, des professeurs et de nombreuses ceintures noires de karat\u00e9. Il a aussi men\u00e9 des initiations au karat\u00e9 dans des \u00e9tablissements de la PJJ (protection judiciaire de la jeunesse) et de l\u2019\u00c9ducation Nationale.<\/p>\n\n\n\n<p class=\"wp-block-paragraph\"><a href=\"https:\/\/www.youtube.com\/watch?v=67uXOZWwWpY\">Film pr\u00e9sentant le livre sur Youtube &#8211; cliquez ici.<\/a><\/p>\n\n\n\n<p class=\"wp-block-paragraph\"><a href=\"https:\/\/www.ffkarate.fr\/areski-ouzrout-une-nouvelle-approche\/\">Article sur le site de la f\u00e9d\u00e9ration fran\u00e7aise de karat\u00e9 &#8211; cliquez ici<\/a><\/p>\n\n\n\n<p class=\"wp-block-paragraph\"><strong>Editeur<\/strong> budo \u00e9ditions <a rel=\"noreferrer noopener\" href=\"http:\/\/www.budo.fr\/livres?page=shop.product_details&amp;flypage=vmj_estore.tpl&amp;category_id=1&amp;product_id=488\" target=\"_blank\">www.budo.fr<br><\/a><strong>Auteur<\/strong> Areski OUZROUT<br><strong>Parution<\/strong> : 4 novembre 2019<br>544 pages<br><strong>ISBN-10:<\/strong> 2846174210<br><strong>ISBN-13:<\/strong> 978-2846174213<br><strong>prix de vente<\/strong> : 57 \u20ac<\/p>\n\n\n\n<p class=\"has-text-align-center wp-block-paragraph\"><em><a href=\"#top\">revenir en haut de page<\/a><\/em><\/p>\n\n\n\n<hr class=\"wp-block-separator has-css-opacity\"\/>\n\n\n\n<h1 id=\"karate2\"><\/h1>\n\n\n<div class=\"wp-block-image\">\n<figure class=\"aligncenter\"><a href=\"http:\/\/www.budo.fr\/livres?page=shop.product_details&amp;flypage=vmj_estore.tpl&amp;category_id=1&amp;product_id=488\"><img decoding=\"async\" src=\"http:\/\/ecx.images-amazon.com\/images\/I\/41vvI8xck9L._SX333_BO1,204,203,200_.jpg\" alt=\"\"\/><\/a><\/figure>\n<\/div>\n\n\n<p class=\"has-medium-font-size wp-block-paragraph\"><strong>KARATE, l&rsquo;\u00e9fficacit\u00e9 \u00e0 port\u00e9e de main<\/strong><\/p>\n\n\n\n<p class=\"wp-block-paragraph\">Le karat\u00e9 regorge de richesses qui, aujourd&rsquo;hui plus que jamais, peuvent nous aider \u00e0 nous centrer nous ancrer : art de vivre, philosophie, d\u00e9veloppement personnel, spiritualit\u00e9.<br>Ce livre original, destin\u00e9 \u00e0 tous les pratiquants d&rsquo;arts martiaux, prolonge l&rsquo;enseignement re\u00e7u au dojo en pr\u00e9sentant pour la premi\u00e8re fois des outils et des pistes de r\u00e9flexion pour aider \u00e0 la compr\u00e9hension et d\u00e9voiler au lecteur son propre potentiel. Il propose d&rsquo;acc\u00e9der \u00e0 une pratique coh\u00e9rente, rationnelle et efficace, que ce soit sur le tatami ou dans la vie. Apr\u00e8s la parution de Bunkai, l&rsquo;art de d\u00e9coder les katas en 2012, l&rsquo;auteur partage ici, sous forme d&rsquo;essais et de t\u00e9moignages, une exp\u00e9rience acquise avec de grands ma\u00eetres pendant 38 ans.<\/p>\n\n\n\n<p class=\"wp-block-paragraph\">Arezki Ouzrout est un chercheur et un enseignant de karat\u00e9. Il est actuellement 6e dan, titulaire du brevet d&rsquo;\u00e9tat d&rsquo;\u00e9ducateur sportif 2e degr\u00e9 et responsable de l&rsquo;\u00e9cole des cadres pour la ligue du Val-de-Marne de karat\u00e9. \u00c0 ce titre il a form\u00e9 de nombreux instructeurs de cette discipline ainsi que de tr\u00e8s nombreuses ceintures noires dans ses clubs de Meudon et Asni\u00e8res.<\/p>\n\n\n\n<p class=\"wp-block-paragraph\"><a href=\"http:\/\/excerpts.numilog.com\/books\/9782846173377.pdf\" target=\"_blank\" rel=\"noreferrer noopener\">lire un extrait du livre <em>\u00ab\u00a0karat\u00e9, l&rsquo;efficacit\u00e9 \u00e0 port\u00e9e de main\u00a0\u00bb<\/em><\/a><\/p>\n\n\n\n<p class=\"wp-block-paragraph\">Editeur budo \u00e9ditions <a href=\"http:\/\/www.budo.fr\/livres?page=shop.product_details&amp;flypage=vmj_estore.tpl&amp;category_id=1&amp;product_id=488\" target=\"_blank\" rel=\"noreferrer noopener\">www.budo.fr<br><\/a>Auteur Areski OUZROUTParution : 27 janvier 2015<br>Environ 288 pages<br>ISBN 978-2-84617-337-7<br>prix de vente : 17 \u20ac<\/p>\n\n\n\n<p class=\"has-text-align-center wp-block-paragraph\"><em><a href=\"#top\">revenir en haut de page<\/a><\/em><\/p>\n\n\n\n<hr class=\"wp-block-separator has-css-opacity\"\/>\n\n\n\n<h1 id=\"karate3\"><\/h1>\n\n\n<div class=\"wp-block-image\">\n<figure class=\"aligncenter\"><a href=\"http:\/\/www.budo.fr\/livres?page=shop.product_details&amp;flypage=vmj_estore.tpl&amp;category_id=1&amp;product_id=380\" target=\"_blank\" rel=\"noreferrer noopener\"><img decoding=\"async\" src=\"http:\/\/ecx.images-amazon.com\/images\/I\/41X9zgdROlL._SX384_BO1,204,203,200_.jpg\" alt=\"\"\/><\/a><\/figure>\n<\/div>\n\n\n<p class=\"has-medium-font-size wp-block-paragraph\"><strong>BUNKAI L&rsquo;art de d\u00e9coder les katas<\/strong><\/p>\n\n\n\n<p class=\"wp-block-paragraph\">Il y a encore pr\u00e8s d&rsquo;un si\u00e8cle, l&rsquo;apprentissage du karat\u00e9 se faisait oralement, de ma\u00eetre \u00e0 \u00e9l\u00e8ve, et passait le plus souvent par la r\u00e9p\u00e9tition des katas, ces formes codifi\u00e9es qui renferment les principes de combat et les strat\u00e9gies destin\u00e9es \u00e0 sauver la vie si besoin est. Le sens des applications martiales (bunkai) des katas s&rsquo;est perdu dans la nuit des temps si bien que le pratiquant actuel se trouve parfois d\u00e9muni pour comprendre, analyser ou interpr\u00e9ter tel ou tel passage du kata.<br>Dans cet ouvrage, divis\u00e9 en deux parties, Areski Ouzrout utilise tout son talent de chercheur et de p\u00e9dagogue pour nous apprendre \u00e0 d\u00e9coder le sens cach\u00e9 des applications des katas.<\/p>\n\n\n\n<p class=\"wp-block-paragraph\">Dans la premi\u00e8re partie, il nous explique le r\u00f4le du kata dans l&rsquo;apprentissage du karat\u00e9 et les raisons pour lesquelles le sens des applications s&rsquo;est perdu ou a \u00e9t\u00e9 d\u00e9form\u00e9 au fil du temps; il nous propose une trentaine de \u00abcl\u00e9s d&rsquo;interpr\u00e9tation\u00bb particuli\u00e8rement concr\u00e8tes et une m\u00e9thodologie pour apprendre par soi-m\u00eame et trouver du sens \u00e0 l&rsquo;\u00e9laboration de ses propres applications. Il offre aussi une grille d&rsquo;\u00e9valuation particuli\u00e8rement originale et perspicace afin de juger de la pertinence et de valider le r\u00e9alisme et l&rsquo;efficacit\u00e9 de votre propre recherche. La seconde partie est un exercice pour se familiariser, au travers de l&rsquo;\u00e9tude d&rsquo;un kata embl\u00e9matique, Kank\u00fb-dai, au fonctionnement de la m\u00e9thodologie et \u00e0 l&rsquo;utilisation des outils propos\u00e9s, notamment les cl\u00e9s d&rsquo;interpr\u00e9tation et la grille d&rsquo;analyse.<\/p>\n\n\n\n<p class=\"wp-block-paragraph\">Cet ouvrage de pr\u00e8s de 500 pages est une contribution majeure dans la compr\u00e9hension du d\u00e9codage des katas et l&rsquo;\u00e9laboration d&rsquo;applications pertinentes, r\u00e9alistes et efficaces.<\/p>\n\n\n\n<p class=\"wp-block-paragraph\">Areski OUZROUT est un chercheur et un enseignant de karat\u00e9. Il est actuellement 6e dan, titulaire du Brevet d&rsquo;\u00c9tat d&rsquo;\u00c9ducateur Sportif 2e degr\u00e9 et responsable de l&rsquo;\u00c9cole des Cadres pour la ligue du Val-de-Marne de karat\u00e9. \u00c0 ce titre, il a form\u00e9 de nombreux instructeurs de cette discipline ainsi que de tr\u00e8s nombreuses ceintures noires dans ses clubs de Meudon et d&rsquo;Asni\u00e8res.<\/p>\n\n\n\n<p class=\"wp-block-paragraph\">Editeur budo \u00e9ditions <a href=\"http:\/\/www.budo.fr\/livres?page=shop.product_details&amp;flypage=vmj_estore.tpl&amp;category_id=1&amp;product_id=380\" target=\"_blank\" rel=\"noreferrer noopener\">www.budo.fr<\/a><br>Auteur Areski OUZROUTParution : 15 juin 2011<br>Environ 500 pages<br>ISBN 978-2-84617-289-9<br>prix de vente : 59,90 \u20ac<\/p>\n\n\n\n<p class=\"has-text-align-center wp-block-paragraph\"><em><a href=\"#top\">revenir en haut de page<\/a><\/em><\/p>\n\n\n\n<hr class=\"wp-block-separator has-css-opacity\"\/>\n\n\n\n<h1 id=\"karate4\"><\/h1>\n\n\n<div class=\"wp-block-image\">\n<figure class=\"aligncenter\"><a href=\"http:\/\/www.boutique-artsetspectacles.com\/catalog\/livre-apres-le-cours\/\"><img decoding=\"async\" src=\"http:\/\/www.boutique-artsetspectacles.com\/wp-content\/uploads\/2015\/09\/FlyerA4_Karate-723x1024.jpg\" alt=\"FlyerA4_Karate-723x1024\"\/><\/a><\/figure>\n<\/div>\n\n\n<p class=\"wp-block-paragraph\"><strong>KARATE-DO, apr\u00e8s le cours<br><\/strong><\/p>\n\n\n\n<p class=\"wp-block-paragraph\">Le karat\u00e9 est une discipline ouverte \u00e0 tous, quel que soit l&rsquo;\u00e2ge. Il peut \u00eatre pratiqu\u00e9 de multiples fa\u00e7ons : comme un sport de loisir ou de comp\u00e9tition, une activit\u00e9 d&rsquo;entretien physique ou de self-d\u00e9fense, un outil de m\u00e9ditation en dynamique&#8230;<br>Quelle que soit l&rsquo;option choisie, le karat\u00e9 est un formidable outil d&rsquo;\u00e9ducation physique et mental qui permet d&rsquo;acc\u00e9der \u00e0 une meilleure connaissance et une meilleure ma\u00eetrise de soi.<br>L&rsquo;auteur a r\u00e9alis\u00e9 un ouvrage pratique pour l&rsquo;\u00e9l\u00e8ve qui d\u00e9bute le karat\u00e9. En peu de pages, et de mani\u00e8re concises, il synth\u00e9tise l&rsquo;essentiel de la discipline.<br>Le lecteur y trouvera, en plus d&rsquo;un recueil technique, de nombreuses informations utiles \u00e0 la compr\u00e9hension du karat\u00e9 et \u00e0 son origine.<\/p>\n\n\n\n<p class=\"wp-block-paragraph\">Editeur <a href=\"http:\/\/www.boutique-artsetspectacles.com\/catalog\/livre-apres-le-cours\/\">arts et spectacles<\/a><br>Auteur Jean-Claude BLINDParution : 2013<br>Environ 125 pages<br>ISBN 376-01-38470-31-7<br>prix de vente : 24 \u20ac<br><a href=\"http:\/\/www.boutique-artsetspectacles.com\/catalog\/livre-apres-le-cours\/\">commande en cliquant sur ce lien<\/a><\/p>\n\n\n\n<p class=\"has-text-align-center wp-block-paragraph\"><em><a href=\"#top\">revenir en haut de page<\/a><\/em><\/p>\n\n\n\n<hr class=\"wp-block-separator has-css-opacity\"\/>\n\n\n\n<h1 id=\"karate5\"><\/h1>\n\n\n<div class=\"wp-block-image\">\n<figure class=\"aligncenter\"><a href=\"http:\/\/www.leseditionsdunet.com\/autobiographie\/4098-karate-et-petits-satori-tapol-jacques-9782312042237.html\" target=\"_blank\" rel=\"noreferrer noopener\"><img decoding=\"async\" src=\"http:\/\/www.leseditionsdunet.com\/4098-5769-large\/karate-et-petits-satori-tapol-jacques.jpg\" alt=\"Karat\u00e9 et petits \u00ab\u00a0satoris\u00a0\u00bb\"\/><\/a><\/figure>\n<\/div>\n\n\n<p class=\"wp-block-paragraph\"><strong>KARATE et petits \u00ab\u00a0satoris\u00a0\u00bb<\/strong><\/p>\n\n\n\n<p class=\"wp-block-paragraph\">Depuis les ann\u00e9es 1960 le karat\u00e9 s\u2019est d\u00e9velopp\u00e9 dans le monde gr\u00e2ce au d\u00e9but \u00e0 des d\u00e9monstrations et un c\u00f4t\u00e9 spectaculaire dans la plupart des cas qui est \u00e0 l\u2019oppos\u00e9 du karat\u00e9 originel. En r\u00e9alit\u00e9, on ne dit pas \u00ab karat\u00e9 \u00bb mais \u00ab karat\u00e9 do \u00bb car il s\u2019agit d\u2019une discipline traditionnelle plus ou moins secr\u00e8te venant d\u2019Okinawa, une petite Ile japonaise qui a longtemps \u00e9t\u00e9 chinoise.<br>Le \u00ab do \u00bb dans \u00ab karat\u00e9 do \u00bb signifie tradition et apprentissage d\u2019une sagesse ; c\u2019est un art de vivre ne recherchant pas le c\u00f4t\u00e9 d\u00e9monstratif.<br>Jacques Tapol, est le premier Champion du Monde fran\u00e7ais de la cat\u00e9gorie mi-lourd en 1986 \u00e0 Sydney ; sa carri\u00e8re sportive finie, il se consacre ensuite \u00e0 l\u2019enseignement pour devenir un professeur exigeant et plein d\u2019humour.<br>\u00ab Karat\u00e9 et petits satoris \u00bb n\u2019est pas un livre de techniques mais de r\u00e9flexions simples qui s\u2019adresse \u00e0 des pratiquants et des non pratiquants.<br>Il est parsem\u00e9 d\u2019exp\u00e9riences, de duels \u00e9piques, de grandes r\u00e9ussites et d\u2019\u00e9checs cuisants, comme dans la vie\u2026<br>Les \u00ab petits satori \u00bb sont les exp\u00e9riences et enseignements n\u00e9s de ce parcours original.<\/p>\n\n\n\n<h3 class=\"wp-block-heading\"><strong>Auteur<\/strong><\/h3>\n\n\n\n<p class=\"wp-block-paragraph\">Jacques Tapol<br>N\u00e9 le 19 juin 1955 \u00e0 Pornichet (44 France)<\/p>\n\n\n\n<p class=\"wp-block-paragraph\">Sa biographie<\/p>\n\n\n\n<p class=\"wp-block-paragraph\">N\u00e9 d\u2019un p\u00e8re garagiste nomm\u00e9 lui aussi Jacques Tapol, entraineur en football assez r\u00e9volutionnaire. Pendant la seconde guerre mondiale sa carri\u00e8re de gardien de but professionnel est bris\u00e9e ; suite au conflit il est d\u00e9cor\u00e9 en tant que combattant de la Croix de guerre. Sa m\u00e8re, arm\u00e9nienne, arrive en France apr\u00e8s le g\u00e9nocide arm\u00e9nien de 1915. Il commence le karat\u00e9 \u00e0 16 ans et entreprend des \u00e9tudes de mod\u00e9liste pour devenir bottier ; ce m\u00e9tier lui plait et dans d\u2019autres circonstances il aurait ador\u00e9 exercer. Mais le karat\u00e9 le d\u00e9vore et le passionne et il s\u2019y adonne nuit et jour. Par la suite il travaille dans le secteur bancaire tout en int\u00e9grant l\u2019\u00e9quipe de France car la discipline est totalement amateur ; il travaille pendant plusieurs ann\u00e9es \u00e0 plein temps et r\u00e9ussit n\u00e9anmoins a se classer 3\u00e8me aux championnats du Monde de Taiwan en 1982. Il entraine aussi sur son temps libre des amateurs dans diff\u00e9rents petits clubs. Il fait partie de l\u2019\u00e9quipe de France de 1975 \u00e0 1987 et a glan\u00e9 la plupart des titres importants en Championnats nationaux, et internationaux. En 1986 il devient Champion du Monde de karat\u00e9 et quitte la banque. Il enchaine plusieurs m\u00e9tiers allant de la publicit\u00e9 \u00e0 agent d\u2019assurances. En 1995 il se d\u00e9cide \u00e0 faire de l\u2019enseignement du karat\u00e9 sa profession. De 1995 \u00e0 2009 il travaille dans des salles de sport puis d\u00e9cide d\u2019ouvrir son propre dojo \u00e0 Paris dans le 19\u00e8me dans un ancien relais de poste.<\/p>\n\n\n\n<p class=\"wp-block-paragraph\"><strong>Son univers<\/strong><\/p>\n\n\n\n<p class=\"wp-block-paragraph\">Il est plut\u00f4t attir\u00e9 par tout ce qui permet de mettre en pratique une pens\u00e9e dans la vie quotidienne ; aussi les arts traditionnels japonais r\u00e9pondent \u00e0 son attente. En effet dans une pratique gestuelle avec la r\u00e9alisation d\u2019une \u0153uvre toute faute de pens\u00e9e est mat\u00e9rialis\u00e9e dans la r\u00e9alisation. Le karat\u00e9 do le passionne car on ne cesse de se remettre en question et quand on pratique on peut se r\u00e9fugier derri\u00e8re des mots ; chaque erreur n\u2019est pas une donn\u00e9e abstraite mais r\u00e9elle et physique. Son univers litt\u00e9raire n\u2019est pas compos\u00e9 des philosophes qui sont trop sp\u00e9culatifs et peu r\u00e9alistes dans la vie quotidienne. Il s\u2019int\u00e9resse plut\u00f4t \u00e0 tout ce qui tourne autour de pratiques qui permettent de s\u2019am\u00e9liorer comme dans les arts traditionnels japonais. Au d\u00e9but il s\u2019int\u00e9resse \u00e0 l\u2019univers japonais pour ensuite revenir \u00e0 la culture occidentale et notamment tout ce qui est en relation avec le compagnonnage. Il rejette les pens\u00e9es dogmatiques, les maitres \u00e0 penser et les religions qu\u2019il \u00e9tudie comme des ph\u00e9nom\u00e8nes politico culturels qui influencent nos civilisations et les enjeux g\u00e9o politiques. Il faut savoir intellectualiser mais toujours v\u00e9rifier concr\u00e8tement les pens\u00e9es par des actes, des gestes, des r\u00e9alisations concr\u00e8tes. Les vieux maitres de karat\u00e9 \u00e0 dans la petite Ile d\u2019Okinawa disent que gr\u00e2ce \u00e0 la pratique : \u00ab La douleur fait penser l\u2019homme, la pens\u00e9e rend l\u2019homme sage et la sagesse rend la vie acceptable. \u00bb<\/p>\n\n\n\n<ul class=\"wp-block-list\"><li><strong>Discipline : <\/strong> autobiographie<br><strong>Parution : <\/strong> 23-03-2016<br><strong>Auteur : <\/strong> Jacques Tapol<br><strong>ISBN: <\/strong> 978-2-312-04223-7<br><strong>Format : <\/strong> 120&#215;190 mm<br><strong>Nombre de pages : <\/strong> 192<br><a href=\"http:\/\/www.leseditionsdunet.com\/autobiographie\/4098-karate-et-petits-satori-tapol-jacques-9782312042237.html\" target=\"_blank\" rel=\"noreferrer noopener\"><strong>S\u00e9rie \/ Collection : <\/strong> Les Editions du Net<\/a><\/li><\/ul>\n\n\n\n<p class=\"has-text-align-center wp-block-paragraph\"><em><a href=\"#top\">revenir en haut de page<\/a><\/em><\/p>\n\n\n<p>&nbsp;<\/p>\n<p>&nbsp;<\/p>\n<p>&nbsp;<\/p>\n<p style=\"text-align: center;\">&nbsp;<\/p>","protected":false},"excerpt":{"rendered":"<p>Mon karat\u00e9 personnalis\u00e9 La vie est un dojo KARATE, une nouvelle approche KARATE, l&rsquo;efficacit\u00e9 \u00e0 port\u00e9 de main BUNKAI, l&rsquo;art de d\u00e9coder les katas KARATE-DO, apr\u00e8s le cours KARATE et petits \u00ab\u00a0satoris\u00a0\u00bb Mon karat\u00e9 personnalis\u00e9 L&rsquo;\u00e9l\u00e8ve a pour vocation de &hellip; <a href=\"https:\/\/www.karate-france.com\/?page_id=37\">Continuer la lecture <span class=\"meta-nav\">&rarr;<\/span><\/a><\/p>\n","protected":false},"author":1,"featured_media":80,"parent":0,"menu_order":0,"comment_status":"closed","ping_status":"closed","template":"sidebar-page.php","meta":{"om_disable_all_campaigns":false,"_monsterinsights_skip_tracking":false,"_uf_show_specific_survey":0,"_uf_disable_surveys":false,"ngg_post_thumbnail":0,"footnotes":""},"class_list":["post-37","page","type-page","status-publish","has-post-thumbnail","hentry"],"aioseo_notices":[],"aioseo_head":"\n\t\t<!-- All in One SEO 5.0.1.1 - aioseo.com -->\n\t<meta name=\"description\" content=\"Mon karat\u00e9 personnalis\u00e9La vie est un dojoKARATE, une nouvelle approcheKARATE, l&#039;efficacit\u00e9 \u00e0 port\u00e9 de mainBUNKAI, l&#039;art de d\u00e9coder les katasKARATE-DO, apr\u00e8s le coursKARATE et petits &quot;satoris&quot; Mon karat\u00e9 personnalis\u00e9 L&#039;\u00e9l\u00e8ve a pour vocation de d\u00e9passer son ma\u00eetre. N&#039;en avez-vous jamais r\u00eav\u00e9 secr\u00e8tement ? L&#039;auteur invite le lecteur dans un processus de progression, un chemin de\" \/>\n\t<meta name=\"robots\" content=\"max-image-preview:large\" \/>\n\t<link rel=\"canonical\" href=\"https:\/\/www.karate-france.com\/?page_id=37\" \/>\n\t<meta name=\"generator\" content=\"All in One SEO (AIOSEO) 5.0.1.1\" \/>\n\t\t<meta property=\"og:locale\" content=\"fr_FR\" \/>\n\t\t<meta property=\"og:site_name\" content=\"KARATE-FRANCE - Areski Ouzrout\" \/>\n\t\t<meta property=\"og:type\" content=\"article\" \/>\n\t\t<meta property=\"og:title\" content=\"LIVRES - KARATE-FRANCE\" \/>\n\t\t<meta property=\"og:description\" content=\"Mon karat\u00e9 personnalis\u00e9La vie est un dojoKARATE, une nouvelle approcheKARATE, l&#039;efficacit\u00e9 \u00e0 port\u00e9 de mainBUNKAI, l&#039;art de d\u00e9coder les katasKARATE-DO, apr\u00e8s le coursKARATE et petits &quot;satoris&quot; Mon karat\u00e9 personnalis\u00e9 L&#039;\u00e9l\u00e8ve a pour vocation de d\u00e9passer son ma\u00eetre. N&#039;en avez-vous jamais r\u00eav\u00e9 secr\u00e8tement ? L&#039;auteur invite le lecteur dans un processus de progression, un chemin de\" \/>\n\t\t<meta property=\"og:url\" content=\"https:\/\/www.karate-france.com\/?page_id=37\" \/>\n\t\t<meta property=\"og:image\" content=\"https:\/\/www.karate-france.com\/wp-content\/uploads\/2017\/05\/portrait2.jpg\" \/>\n\t\t<meta property=\"og:image:secure_url\" content=\"https:\/\/www.karate-france.com\/wp-content\/uploads\/2017\/05\/portrait2.jpg\" \/>\n\t\t<meta property=\"article:published_time\" content=\"2015-10-18T16:52:39+00:00\" \/>\n\t\t<meta property=\"article:modified_time\" content=\"2022-08-01T21:21:30+00:00\" \/>\n\t\t<meta property=\"article:publisher\" content=\"https:\/\/www.facebook.com\/profile.php?id=61586701024624\" \/>\n\t\t<meta name=\"twitter:card\" content=\"summary_large_image\" \/>\n\t\t<meta name=\"twitter:site\" content=\"@AreskiOuzrout\" \/>\n\t\t<meta name=\"twitter:title\" content=\"LIVRES - KARATE-FRANCE\" \/>\n\t\t<meta name=\"twitter:description\" content=\"Mon karat\u00e9 personnalis\u00e9La vie est un dojoKARATE, une nouvelle approcheKARATE, l&#039;efficacit\u00e9 \u00e0 port\u00e9 de mainBUNKAI, l&#039;art de d\u00e9coder les katasKARATE-DO, apr\u00e8s le coursKARATE et petits &quot;satoris&quot; Mon karat\u00e9 personnalis\u00e9 L&#039;\u00e9l\u00e8ve a pour vocation de d\u00e9passer son ma\u00eetre. N&#039;en avez-vous jamais r\u00eav\u00e9 secr\u00e8tement ? L&#039;auteur invite le lecteur dans un processus de progression, un chemin de\" \/>\n\t\t<meta name=\"twitter:creator\" content=\"@AreskiOuzrout\" \/>\n\t\t<meta name=\"twitter:image\" content=\"https:\/\/www.karate-france.com\/wp-content\/uploads\/2017\/05\/portrait2.jpg\" \/>\n\t\t<script type=\"application\/ld+json\" class=\"aioseo-schema\">\n\t\t\t{\"@context\":\"https:\\\/\\\/schema.org\",\"@graph\":[{\"@type\":\"BreadcrumbList\",\"@id\":\"https:\\\/\\\/www.karate-france.com\\\/?page_id=37#breadcrumblist\",\"itemListElement\":[{\"@type\":\"ListItem\",\"@id\":\"https:\\\/\\\/www.karate-france.com#listItem\",\"position\":1,\"name\":\"Home\",\"item\":\"https:\\\/\\\/www.karate-france.com\",\"nextItem\":{\"@type\":\"ListItem\",\"@id\":\"https:\\\/\\\/www.karate-france.com\\\/?page_id=37#listItem\",\"name\":\"LIVRES\"}},{\"@type\":\"ListItem\",\"@id\":\"https:\\\/\\\/www.karate-france.com\\\/?page_id=37#listItem\",\"position\":2,\"name\":\"LIVRES\",\"previousItem\":{\"@type\":\"ListItem\",\"@id\":\"https:\\\/\\\/www.karate-france.com#listItem\",\"name\":\"Home\"}}]},{\"@type\":\"Person\",\"@id\":\"https:\\\/\\\/www.karate-france.com\\\/#person\",\"name\":\"areski\",\"image\":{\"@type\":\"ImageObject\",\"@id\":\"https:\\\/\\\/www.karate-france.com\\\/?page_id=37#personImage\",\"url\":\"https:\\\/\\\/secure.gravatar.com\\\/avatar\\\/4ab6c603ba48c8b138d152b635e9404f1826f65790ab80a6d40ac86500e061d7?s=96&d=mm&r=g\",\"width\":96,\"height\":96,\"caption\":\"areski\"}},{\"@type\":\"WebPage\",\"@id\":\"https:\\\/\\\/www.karate-france.com\\\/?page_id=37#webpage\",\"url\":\"https:\\\/\\\/www.karate-france.com\\\/?page_id=37\",\"name\":\"LIVRES - KARATE-FRANCE\",\"description\":\"Mon karat\\u00e9 personnalis\\u00e9La vie est un dojoKARATE, une nouvelle approcheKARATE, l'efficacit\\u00e9 \\u00e0 port\\u00e9 de mainBUNKAI, l'art de d\\u00e9coder les katasKARATE-DO, apr\\u00e8s le coursKARATE et petits \\\"satoris\\\" Mon karat\\u00e9 personnalis\\u00e9 L'\\u00e9l\\u00e8ve a pour vocation de d\\u00e9passer son ma\\u00eetre. N'en avez-vous jamais r\\u00eav\\u00e9 secr\\u00e8tement ? L'auteur invite le lecteur dans un processus de progression, un chemin de\",\"inLanguage\":\"fr-FR\",\"isPartOf\":{\"@id\":\"https:\\\/\\\/www.karate-france.com\\\/#website\"},\"breadcrumb\":{\"@id\":\"https:\\\/\\\/www.karate-france.com\\\/?page_id=37#breadcrumblist\"},\"image\":{\"@type\":\"ImageObject\",\"url\":\"https:\\\/\\\/www.karate-france.com\\\/wp-content\\\/uploads\\\/2015\\\/10\\\/livres.jpg\",\"@id\":\"https:\\\/\\\/www.karate-france.com\\\/?page_id=37\\\/#mainImage\",\"width\":310,\"height\":162},\"primaryImageOfPage\":{\"@id\":\"https:\\\/\\\/www.karate-france.com\\\/?page_id=37#mainImage\"},\"datePublished\":\"2015-10-18T18:52:39+02:00\",\"dateModified\":\"2022-08-01T23:21:30+02:00\"},{\"@type\":\"WebSite\",\"@id\":\"https:\\\/\\\/www.karate-france.com\\\/#website\",\"url\":\"https:\\\/\\\/www.karate-france.com\\\/\",\"name\":\"KARATE-FRANCE\",\"description\":\"Areski Ouzrout\",\"inLanguage\":\"fr-FR\",\"publisher\":{\"@id\":\"https:\\\/\\\/www.karate-france.com\\\/#person\"}}]}\n\t\t<\/script>\n\t\t<!-- All in One SEO -->\n\n","aioseo_head_json":{"title":"LIVRES - KARATE-FRANCE","description":"Mon karat\u00e9 personnalis\u00e9La vie est un dojoKARATE, une nouvelle approcheKARATE, l'efficacit\u00e9 \u00e0 port\u00e9 de mainBUNKAI, l'art de d\u00e9coder les katasKARATE-DO, apr\u00e8s le coursKARATE et petits \"satoris\" Mon karat\u00e9 personnalis\u00e9 L'\u00e9l\u00e8ve a pour vocation de d\u00e9passer son ma\u00eetre. N'en avez-vous jamais r\u00eav\u00e9 secr\u00e8tement ? L'auteur invite le lecteur dans un processus de progression, un chemin de","canonical_url":"https:\/\/www.karate-france.com\/?page_id=37","robots":"max-image-preview:large","keywords":"","webmasterTools":{"miscellaneous":""},"schema":{"@context":"https:\/\/schema.org","@graph":[{"@type":"BreadcrumbList","@id":"https:\/\/www.karate-france.com\/?page_id=37#breadcrumblist","itemListElement":[{"@type":"ListItem","@id":"https:\/\/www.karate-france.com#listItem","position":1,"name":"Home","item":"https:\/\/www.karate-france.com","nextItem":{"@type":"ListItem","@id":"https:\/\/www.karate-france.com\/?page_id=37#listItem","name":"LIVRES"}},{"@type":"ListItem","@id":"https:\/\/www.karate-france.com\/?page_id=37#listItem","position":2,"name":"LIVRES","previousItem":{"@type":"ListItem","@id":"https:\/\/www.karate-france.com#listItem","name":"Home"}}]},{"@type":"Person","@id":"https:\/\/www.karate-france.com\/#person","name":"areski","image":{"@type":"ImageObject","@id":"https:\/\/www.karate-france.com\/?page_id=37#personImage","url":"https:\/\/secure.gravatar.com\/avatar\/4ab6c603ba48c8b138d152b635e9404f1826f65790ab80a6d40ac86500e061d7?s=96&d=mm&r=g","width":96,"height":96,"caption":"areski"}},{"@type":"WebPage","@id":"https:\/\/www.karate-france.com\/?page_id=37#webpage","url":"https:\/\/www.karate-france.com\/?page_id=37","name":"LIVRES - KARATE-FRANCE","description":"Mon karat\u00e9 personnalis\u00e9La vie est un dojoKARATE, une nouvelle approcheKARATE, l'efficacit\u00e9 \u00e0 port\u00e9 de mainBUNKAI, l'art de d\u00e9coder les katasKARATE-DO, apr\u00e8s le coursKARATE et petits \"satoris\" Mon karat\u00e9 personnalis\u00e9 L'\u00e9l\u00e8ve a pour vocation de d\u00e9passer son ma\u00eetre. N'en avez-vous jamais r\u00eav\u00e9 secr\u00e8tement ? L'auteur invite le lecteur dans un processus de progression, un chemin de","inLanguage":"fr-FR","isPartOf":{"@id":"https:\/\/www.karate-france.com\/#website"},"breadcrumb":{"@id":"https:\/\/www.karate-france.com\/?page_id=37#breadcrumblist"},"image":{"@type":"ImageObject","url":"https:\/\/www.karate-france.com\/wp-content\/uploads\/2015\/10\/livres.jpg","@id":"https:\/\/www.karate-france.com\/?page_id=37\/#mainImage","width":310,"height":162},"primaryImageOfPage":{"@id":"https:\/\/www.karate-france.com\/?page_id=37#mainImage"},"datePublished":"2015-10-18T18:52:39+02:00","dateModified":"2022-08-01T23:21:30+02:00"},{"@type":"WebSite","@id":"https:\/\/www.karate-france.com\/#website","url":"https:\/\/www.karate-france.com\/","name":"KARATE-FRANCE","description":"Areski Ouzrout","inLanguage":"fr-FR","publisher":{"@id":"https:\/\/www.karate-france.com\/#person"}}]},"og:locale":"fr_FR","og:site_name":"KARATE-FRANCE - Areski Ouzrout","og:type":"article","og:title":"LIVRES - KARATE-FRANCE","og:description":"Mon karat\u00e9 personnalis\u00e9La vie est un dojoKARATE, une nouvelle approcheKARATE, l'efficacit\u00e9 \u00e0 port\u00e9 de mainBUNKAI, l'art de d\u00e9coder les katasKARATE-DO, apr\u00e8s le coursKARATE et petits &quot;satoris&quot; Mon karat\u00e9 personnalis\u00e9 L'\u00e9l\u00e8ve a pour vocation de d\u00e9passer son ma\u00eetre. N'en avez-vous jamais r\u00eav\u00e9 secr\u00e8tement ? L'auteur invite le lecteur dans un processus de progression, un chemin de","og:url":"https:\/\/www.karate-france.com\/?page_id=37","og:image":"https:\/\/www.karate-france.com\/wp-content\/uploads\/2017\/05\/portrait2.jpg","og:image:secure_url":"https:\/\/www.karate-france.com\/wp-content\/uploads\/2017\/05\/portrait2.jpg","article:published_time":"2015-10-18T16:52:39+00:00","article:modified_time":"2022-08-01T21:21:30+00:00","article:publisher":"https:\/\/www.facebook.com\/profile.php?id=61586701024624","twitter:card":"summary_large_image","twitter:site":"@AreskiOuzrout","twitter:title":"LIVRES - KARATE-FRANCE","twitter:description":"Mon karat\u00e9 personnalis\u00e9La vie est un dojoKARATE, une nouvelle approcheKARATE, l'efficacit\u00e9 \u00e0 port\u00e9 de mainBUNKAI, l'art de d\u00e9coder les katasKARATE-DO, apr\u00e8s le coursKARATE et petits &quot;satoris&quot; Mon karat\u00e9 personnalis\u00e9 L'\u00e9l\u00e8ve a pour vocation de d\u00e9passer son ma\u00eetre. N'en avez-vous jamais r\u00eav\u00e9 secr\u00e8tement ? L'auteur invite le lecteur dans un processus de progression, un chemin de","twitter:creator":"@AreskiOuzrout","twitter:image":"https:\/\/www.karate-france.com\/wp-content\/uploads\/2017\/05\/portrait2.jpg"},"aioseo_meta_data":{"post_id":"37","title":null,"description":null,"keywords":null,"keyphrases":{"focus":[],"additional":[]},"primary_term":null,"canonical_url":null,"og_title":null,"og_description":null,"og_object_type":"default","og_image_type":"default","og_image_url":null,"og_image_width":null,"og_image_height":null,"og_image_custom_url":null,"og_image_custom_fields":null,"og_video":null,"og_custom_url":null,"og_article_section":null,"og_article_tags":null,"twitter_use_og":false,"twitter_card":"default","twitter_image_type":"default","twitter_image_url":null,"twitter_image_custom_url":null,"twitter_image_custom_fields":null,"twitter_title":null,"twitter_description":null,"schema":{"blockGraphs":[],"customGraphs":[],"default":{"data":{"Article":[],"Course":[],"Dataset":[],"FAQPage":[],"Movie":[],"Person":[],"Product":[],"ProductReview":[],"Car":[],"Recipe":[],"Service":[],"SoftwareApplication":[],"WebPage":[]},"graphName":"","isEnabled":true},"graphs":[]},"schema_type":"default","schema_type_options":null,"pillar_content":false,"robots_default":true,"robots_noindex":false,"robots_noarchive":false,"robots_nosnippet":false,"robots_nofollow":false,"robots_noimageindex":false,"robots_noodp":false,"robots_notranslate":false,"robots_max_snippet":null,"robots_max_videopreview":null,"robots_max_imagepreview":"large","priority":null,"frequency":null,"local_seo":null,"breadcrumb_settings":null,"limit_modified_date":false,"ai":null,"created":"2023-09-09 18:50:45","updated":"2026-08-11 23:20:57","seo_analyzer_scan_date":null,"focus_keyword":null,"additional_keywords":null,"truseo_locale":null},"aioseo_breadcrumb":"<div class=\"aioseo-breadcrumbs\"><span class=\"aioseo-breadcrumb\">\n\t\t\t<a href=\"https:\/\/www.karate-france.com\" title=\"Home\">Home<\/a>\n\t\t<\/span><span class=\"aioseo-breadcrumb-separator\">&raquo;<\/span><span class=\"aioseo-breadcrumb\">\n\t\t\tLIVRES\n\t\t<\/span><\/div>","aioseo_breadcrumb_json":[{"label":"Home","link":"https:\/\/www.karate-france.com"},{"label":"LIVRES","link":"https:\/\/www.karate-france.com\/?page_id=37"}],"_links":{"self":[{"href":"https:\/\/www.karate-france.com\/index.php?rest_route=\/wp\/v2\/pages\/37","targetHints":{"allow":["GET"]}}],"collection":[{"href":"https:\/\/www.karate-france.com\/index.php?rest_route=\/wp\/v2\/pages"}],"about":[{"href":"https:\/\/www.karate-france.com\/index.php?rest_route=\/wp\/v2\/types\/page"}],"author":[{"embeddable":true,"href":"https:\/\/www.karate-france.com\/index.php?rest_route=\/wp\/v2\/users\/1"}],"replies":[{"embeddable":true,"href":"https:\/\/www.karate-france.com\/index.php?rest_route=%2Fwp%2Fv2%2Fcomments&post=37"}],"version-history":[{"count":65,"href":"https:\/\/www.karate-france.com\/index.php?rest_route=\/wp\/v2\/pages\/37\/revisions"}],"predecessor-version":[{"id":5740,"href":"https:\/\/www.karate-france.com\/index.php?rest_route=\/wp\/v2\/pages\/37\/revisions\/5740"}],"wp:featuredmedia":[{"embeddable":true,"href":"https:\/\/www.karate-france.com\/index.php?rest_route=\/wp\/v2\/media\/80"}],"wp:attachment":[{"href":"https:\/\/www.karate-france.com\/index.php?rest_route=%2Fwp%2Fv2%2Fmedia&parent=37"}],"curies":[{"name":"wp","href":"https:\/\/api.w.org\/{rel}","templated":true}]}}